{"id":1029,"date":"2020-04-30T12:57:05","date_gmt":"2020-04-30T12:57:05","guid":{"rendered":"http:\/\/www.messerhayn.de\/?page_id=1029"},"modified":"2022-01-28T15:52:52","modified_gmt":"2022-01-28T15:52:52","slug":"startseite-2","status":"publish","type":"page","link":"http:\/\/www.messerhayn.de\/","title":{"rendered":"Startseite"},"content":{"rendered":"<div id=\"dslc-theme-content\"><div id=\"dslc-theme-content-inner\"><div id=\"pl-1029\"  class=\"panel-layout\" ><div id=\"pg-1029-0\"  class=\"panel-grid panel-no-style\" ><div id=\"pgc-1029-0-0\"  class=\"panel-grid-cell\" ><div id=\"panel-1029-0-0-0\" class=\"so-panel widget widget_rev-slider-widget widget_revslider panel-first-child\" data-index=\"0\" >\n\t\t\t<!-- START Startseite REVOLUTION SLIDER 6.5.30 --><p class=\"rs-p-wp-fix\"><\/p>\n\t\t\t<rs-module-wrap id=\"rev_slider_3_1_wrapper\" data-source=\"gallery\" data-aimg=\"\"  style=\"visibility:hidden;background:#E9E9E9;padding:0;margin:0px auto;margin-top:0;margin-bottom:0;\">\n\t\t\t\t<rs-module id=\"rev_slider_3_1\" style=\"\" data-version=\"6.5.30\">\n\t\t\t\t\t<rs-slides>\n\t\t\t\t\t\t<rs-slide style=\"position: absolute;\" data-key=\"rs-10\" data-title=\"Slide\" data-thumb=\"\/\/www.messerhayn.de\/wp-content\/uploads\/2013\/12\/Michael_t\u00fcr_950-100x50.png\" data-anim=\"adpr:false;\">\n\t\t\t\t\t\t\t<img src=\"\/\/www.messerhayn.de\/wp-content\/plugins\/revslider\/public\/assets\/assets\/dummy.png\" alt=\"\" title=\"Startseite\" class=\"rev-slidebg tp-rs-img rs-lazyload\" data-lazyload=\"\/\/www.messerhayn.de\/wp-content\/uploads\/2013\/12\/Michael_t\u00fcr_950.png\" data-no-retina>\n<!---->\t\t\t\t\t\t<\/rs-slide>\n\t\t\t\t\t\t<rs-slide style=\"position: absolute;\" data-key=\"rs-7\" data-title=\"Slide\" data-thumb=\"\/\/www.messerhayn.de\/wp-content\/uploads\/2013\/12\/cropped-Santoku-100x50.jpg\" data-anim=\"adpr:false;\">\n\t\t\t\t\t\t\t<img src=\"\/\/www.messerhayn.de\/wp-content\/plugins\/revslider\/public\/assets\/assets\/dummy.png\" alt=\"\" title=\"Startseite\" class=\"rev-slidebg tp-rs-img rs-lazyload\" data-lazyload=\"\/\/www.messerhayn.de\/wp-content\/uploads\/2013\/12\/cropped-Santoku.jpg\" data-no-retina>\n<!---->\t\t\t\t\t\t<\/rs-slide>\n\t\t\t\t\t\t<rs-slide style=\"position: absolute;\" data-key=\"rs-8\" data-title=\"Slide\" data-thumb=\"\/\/www.messerhayn.de\/wp-content\/uploads\/2013\/12\/SAM_1762-100x50.jpg\" data-anim=\"adpr:false;\">\n\t\t\t\t\t\t\t<img src=\"\/\/www.messerhayn.de\/wp-content\/plugins\/revslider\/public\/assets\/assets\/dummy.png\" alt=\"\" title=\"Startseite\" class=\"rev-slidebg tp-rs-img rs-lazyload\" data-lazyload=\"\/\/www.messerhayn.de\/wp-content\/uploads\/2013\/12\/SAM_1762.jpg\" data-no-retina>\n<!---->\t\t\t\t\t\t<\/rs-slide>\n\t\t\t\t\t\t<rs-slide style=\"position: absolute;\" data-key=\"rs-9\" data-title=\"Slide\" data-thumb=\"\/\/www.messerhayn.de\/wp-content\/uploads\/2013\/12\/PapaMesser1-100x50.jpg\" data-anim=\"adpr:false;\">\n\t\t\t\t\t\t\t<img src=\"\/\/www.messerhayn.de\/wp-content\/plugins\/revslider\/public\/assets\/assets\/dummy.png\" alt=\"\" title=\"Startseite\" class=\"rev-slidebg tp-rs-img rs-lazyload\" data-lazyload=\"\/\/www.messerhayn.de\/wp-content\/uploads\/2013\/12\/PapaMesser1.jpg\" data-no-retina>\n<!---->\t\t\t\t\t\t<\/rs-slide>\n\t\t\t\t\t<\/rs-slides>\n\t\t\t\t<\/rs-module>\n\t\t\t\t<script>\n\t\t\t\t\tsetREVStartSize({c: 'rev_slider_3_1',rl:[1240,1024,778,480],el:[],gw:[960],gh:[350],type:'standard',justify:'',layout:'fullwidth',mh:\"0\"});if (window.RS_MODULES!==undefined && window.RS_MODULES.modules!==undefined && window.RS_MODULES.modules[\"revslider31\"]!==undefined) {window.RS_MODULES.modules[\"revslider31\"].once = false;window.revapi3 = undefined;if (window.RS_MODULES.checkMinimal!==undefined) window.RS_MODULES.checkMinimal()}\n\t\t\t\t<\/script>\n\t\t\t<\/rs-module-wrap>\n\t\t\t<!-- END REVOLUTION SLIDER -->\n<\/div><div id=\"panel-1029-0-0-1\" class=\"widget_text so-panel widget widget_custom_html\" data-index=\"1\" ><div class=\"textwidget custom-html-widget\"><div class=\"vc_col-sm-12 wpb_column vc_column_container\"><div class=\"vc_column-inner\"><div class=\"wpb_wrapper\"><\/div><\/div><\/div><div class=\"w-separator size_large\"><\/div><div class=\"wpb_text_column\"><div class=\"wpb_wrapper\"><\/div><\/div><\/div><\/div><div id=\"panel-1029-0-0-2\" class=\"so-panel widget widget_text panel-last-child\" data-index=\"2\" ><div class=\"panel-widget-style panel-widget-style-for-1029-0-0-2\" >\t\t\t<div class=\"textwidget\"><h4 style=\"text-align: center;\"><span style=\"color: #800000;\"><strong><span style=\"color: #ff9900;\">Ohne Termin, zu den gewohnten Zeiten ge\u00f6ffnet. Sch\u00e4rfen von Messern ohne lange Wartezeiten im Laden m\u00f6glich.\u00a0 Keine Scheren.<span style=\"text-decoration: underline;\"><br \/>\n<\/span><\/span><\/strong><\/span><\/h4>\n<h3 style=\"text-align: center;\"><strong><span style=\"color: #ff0000;\"><span style=\"caret-color: #ff0000;\"> Rufen Sie gerne an!<\/span><\/span><\/strong><\/h3>\n<h3 style=\"text-align: center;\"><strong><span style=\"color: #ff0000;\"><span style=\"caret-color: #ff0000;\">0177 &#8211; 4007055<\/span><\/span><\/strong><\/h3>\n<p>&nbsp;<\/p>\n<p>&nbsp;<\/p>\n<h4 style=\"text-align: center;\"><span style=\"color: #800000;\"><strong><span style=\"color: #ff9900;\">Messer internationaler Hersteller <span style=\"text-decoration: underline;\"><br \/>\n<\/span><\/span><\/strong><\/span><\/h4>\n<h4 style=\"text-align: center;\"><span style=\"color: #800000;\"><strong><span style=\"color: #ff9900;\"><span style=\"text-decoration: underline;\">diverse Einzelst\u00fccke, st\u00e4ndig Neuheiten<\/span><\/span><br \/>\n<\/strong><\/span><\/h4>\n<h5 style=\"text-align: center;\"><span style=\"color: #ff9900;\"><strong>\u00d6ffnungzeiten vom Messerstudio in Tecklenburg: Nur am Wochenende, von 13.30 bis 17.30 Uhr.<\/strong><\/span><\/h5>\n<h4 style=\"text-align: center;\"><\/h4>\n<\/div>\n\t\t<\/div><\/div><\/div><\/div><div id=\"pg-1029-1\"  class=\"panel-grid panel-has-style\" ><div class=\"siteorigin-panels-stretch panel-row-style panel-row-style-for-1029-1\" data-stretch-type=\"full\" ><div id=\"pgc-1029-1-0\"  class=\"panel-grid-cell\" ><div id=\"panel-1029-1-0-0\" class=\"so-panel widget widget_sow-image panel-first-child\" data-index=\"3\" ><div\n\t\t\t\n\t\t\tclass=\"so-widget-sow-image so-widget-sow-image-default-4b231843ec72-1029\"\n\t\t\t\n\t\t>\n\n<div class=\"sow-image-container\">\n\t\t<img src=\"http:\/\/www.messerhayn.de\/wp-content\/uploads\/2021\/01\/20210123_124659-350x350.jpg\" width=\"350\" height=\"350\" srcset=\"http:\/\/www.messerhayn.de\/wp-content\/uploads\/2021\/01\/20210123_124659-350x350.jpg 350w, http:\/\/www.messerhayn.de\/wp-content\/uploads\/2021\/01\/20210123_124659-300x300.jpg 300w, http:\/\/www.messerhayn.de\/wp-content\/uploads\/2021\/01\/20210123_124659-1024x1024.jpg 1024w, http:\/\/www.messerhayn.de\/wp-content\/uploads\/2021\/01\/20210123_124659-150x150.jpg 150w, http:\/\/www.messerhayn.de\/wp-content\/uploads\/2021\/01\/20210123_124659-768x768.jpg 768w, http:\/\/www.messerhayn.de\/wp-content\/uploads\/2021\/01\/20210123_124659-1536x1536.jpg 1536w, http:\/\/www.messerhayn.de\/wp-content\/uploads\/2021\/01\/20210123_124659-600x600.jpg 600w, http:\/\/www.messerhayn.de\/wp-content\/uploads\/2021\/01\/20210123_124659.jpg 1800w\" sizes=\"(max-width: 350px) 100vw, 350px\" alt=\"\" loading=\"lazy\" \t\tclass=\"so-widget-image\"\/>\n\t<\/div>\n\n<\/div><\/div><div id=\"panel-1029-1-0-1\" class=\"so-panel widget widget_text panel-last-child\" data-index=\"4\" >\t\t\t<div class=\"textwidget\"><p><center>Rosendamast 200 Lagen, Eibenholz,\u00a0 Bronzestifte, Klinge 10,5 cm &#8211; 550,00 \u20ac<\/center><\/p>\n<\/div>\n\t\t<\/div><\/div><div id=\"pgc-1029-1-1\"  class=\"panel-grid-cell\" ><div id=\"panel-1029-1-1-0\" class=\"so-panel widget widget_sow-image panel-first-child\" data-index=\"5\" ><div\n\t\t\t\n\t\t\tclass=\"so-widget-sow-image so-widget-sow-image-default-4b231843ec72-1029\"\n\t\t\t\n\t\t>\n\n<div class=\"sow-image-container\">\n\t\t<img src=\"http:\/\/www.messerhayn.de\/wp-content\/uploads\/2021\/01\/20210108_185533-1-350x350.jpg\" width=\"350\" height=\"350\" srcset=\"http:\/\/www.messerhayn.de\/wp-content\/uploads\/2021\/01\/20210108_185533-1-350x350.jpg 350w, http:\/\/www.messerhayn.de\/wp-content\/uploads\/2021\/01\/20210108_185533-1-300x300.jpg 300w, http:\/\/www.messerhayn.de\/wp-content\/uploads\/2021\/01\/20210108_185533-1-1024x1024.jpg 1024w, http:\/\/www.messerhayn.de\/wp-content\/uploads\/2021\/01\/20210108_185533-1-150x150.jpg 150w, http:\/\/www.messerhayn.de\/wp-content\/uploads\/2021\/01\/20210108_185533-1-768x768.jpg 768w, http:\/\/www.messerhayn.de\/wp-content\/uploads\/2021\/01\/20210108_185533-1-1536x1536.jpg 1536w, http:\/\/www.messerhayn.de\/wp-content\/uploads\/2021\/01\/20210108_185533-1-600x600.jpg 600w, http:\/\/www.messerhayn.de\/wp-content\/uploads\/2021\/01\/20210108_185533-1.jpg 1800w\" sizes=\"(max-width: 350px) 100vw, 350px\" title=\"20210108_185533\" alt=\"\" loading=\"lazy\" \t\tclass=\"so-widget-image\"\/>\n\t<\/div>\n\n<\/div><\/div><div id=\"panel-1029-1-1-1\" class=\"so-panel widget widget_text panel-last-child\" data-index=\"6\" >\t\t\t<div class=\"textwidget\"><p><center>B\u00f6hler N 690 Stahl, stab. Ahornmaser, Mosaicpins, handgefertigte Lederscheide, Klinge 10,5 cm &#8211; Verkauft-\u00a0 aber \u00e4hnlich zu bekommen<\/center><\/p>\n<\/div>\n\t\t<\/div><\/div><div id=\"pgc-1029-1-2\"  class=\"panel-grid-cell\" ><div id=\"panel-1029-1-2-0\" class=\"so-panel widget widget_sow-image panel-first-child\" data-index=\"7\" ><div\n\t\t\t\n\t\t\tclass=\"so-widget-sow-image so-widget-sow-image-default-4b231843ec72-1029\"\n\t\t\t\n\t\t>\n\n<div class=\"sow-image-container\">\n\t\t<img src=\"http:\/\/www.messerhayn.de\/wp-content\/uploads\/2022\/01\/Mess4-350x350.jpg\" width=\"350\" height=\"350\" srcset=\"http:\/\/www.messerhayn.de\/wp-content\/uploads\/2022\/01\/Mess4-350x350.jpg 350w, http:\/\/www.messerhayn.de\/wp-content\/uploads\/2022\/01\/Mess4-300x300.jpg 300w, http:\/\/www.messerhayn.de\/wp-content\/uploads\/2022\/01\/Mess4-150x150.jpg 150w, http:\/\/www.messerhayn.de\/wp-content\/uploads\/2022\/01\/Mess4-768x768.jpg 768w, http:\/\/www.messerhayn.de\/wp-content\/uploads\/2022\/01\/Mess4-600x600.jpg 600w, http:\/\/www.messerhayn.de\/wp-content\/uploads\/2022\/01\/Mess4.jpg 1024w\" sizes=\"(max-width: 350px) 100vw, 350px\" alt=\"\" loading=\"lazy\" \t\tclass=\"so-widget-image\"\/>\n\t<\/div>\n\n<\/div><\/div><div id=\"panel-1029-1-2-1\" class=\"so-panel widget widget_text panel-last-child\" data-index=\"8\" >\t\t\t<div class=\"textwidget\"><p><center><strong>Kochmesser ab 140\u20ac<\/strong> &#8211; siehe auch &#8222;neue Kochmesser&#8220;<\/center><\/p>\n<\/div>\n\t\t<\/div><\/div><\/div><\/div><div id=\"pg-1029-2\"  class=\"panel-grid panel-no-style\" ><div id=\"pgc-1029-2-0\"  class=\"panel-grid-cell\" ><div id=\"panel-1029-2-0-0\" class=\"widget_text so-panel widget widget_custom_html panel-first-child\" data-index=\"9\" ><div class=\"textwidget custom-html-widget\"><div class=\"vc_col-sm-12 wpb_column vc_column_container\"><div class=\"vc_column-inner\"><div class=\"wpb_wrapper\"><\/div><\/div><\/div><div class=\"w-separator size_large\"><\/div><div class=\"wpb_text_column\"><div class=\"wpb_wrapper\"><\/div><\/div><\/div><\/div><div id=\"panel-1029-2-0-1\" class=\"so-panel widget widget_text panel-last-child\" data-index=\"10\" >\t\t\t<div class=\"textwidget\"><p><center>Seit nun mehr als 25 Jahren besch\u00e4ftige ich mich mit der Fertigung von Jagd- u. Gebrauchsmessern, die ich mit einem kleinen Maschinenpark in Handarbeit herstelle. Es ist ein Hobby, dass mich noch immer fasziniert und st\u00e4ndig aufs Neue fordert. Die Verarbeitung von Stahl, edlen H\u00f6lzern und Leder, der Umgang mit neuen Formen ist f\u00fcr mich eine sehr reizvolle und interessante Aufgabe.<\/center><\/p>\n<\/div>\n\t\t<\/div><\/div><\/div><div id=\"pg-1029-3\"  class=\"panel-grid panel-no-style\" ><div id=\"pgc-1029-3-0\"  class=\"panel-grid-cell\" ><div id=\"panel-1029-3-0-0\" class=\"so-panel widget widget_media_video panel-first-child panel-last-child\" data-index=\"11\" ><h3 class=\"widget-title\">Ist Ihr Messer auch so scharf?<\/h3><div style=\"width:100%;\" class=\"wp-video\"><!--[if lt IE 9]><script>document.createElement('video');<\/script><![endif]-->\n<video class=\"wp-video-shortcode\" id=\"video-1029-1\" preload=\"metadata\" controls=\"controls\"><source type=\"video\/mp4\" src=\"http:\/\/www.messerhayn.de\/wp-content\/uploads\/2013\/12\/MESSERVIDEO.mp4?_=1\" \/><source type=\"video\/mp4\" src=\"http:\/\/www.messerhayn.de\/wp-content\/uploads\/2013\/12\/MESSERVIDEO.mp4?_=1\" \/><a href=\"http:\/\/www.messerhayn.de\/wp-content\/uploads\/2013\/12\/MESSERVIDEO.mp4\">http:\/\/www.messerhayn.de\/wp-content\/uploads\/2013\/12\/MESSERVIDEO.mp4<\/a><\/video><\/div><\/div><\/div><\/div><div id=\"pg-1029-4\"  class=\"panel-grid panel-has-style\" ><div class=\"panel-row-style panel-row-style-for-1029-4\" ><div id=\"pgc-1029-4-0\"  class=\"panel-grid-cell\" ><div id=\"panel-1029-4-0-0\" class=\"so-panel widget widget_sow-social-media-buttons panel-first-child\" data-index=\"12\" ><div\n\t\t\t\n\t\t\tclass=\"so-widget-sow-social-media-buttons so-widget-sow-social-media-buttons-wire-9f5716436f5e-1029\"\n\t\t\t\n\t\t>\n<h3 class=\"widget-title\">Besuchen Sie mich auch gerne auf meiner Facebook- oder Instagram-Seite:<\/h3>\n<div class=\"social-media-button-container\">\n\t\n\t\t<a class=\"sow-social-media-button-facebook-0 sow-social-media-button\" title=\"Messerstudio Hayn on Facebook\" aria-label=\"Messerstudio Hayn on Facebook\" target=\"_blank\" rel=\"noopener noreferrer\" href=\"https:\/\/www.facebook.com\/MesserstudioHayn\/\" >\n\t\t\t<span>\n\t\t\t\t\t\t\t\t<span class=\"sow-icon-fontawesome sow-fab\" data-sow-icon=\"&#xf39e;\"\n\t\t \n\t\taria-hidden=\"true\"><\/span>\t\t\t\t\t\t\t<\/span>\n\t\t<\/a>\n\t\n\t\t<a class=\"sow-social-media-button-instagram-0 sow-social-media-button\" title=\"Messerstudio Hayn on Instagram\" aria-label=\"Messerstudio Hayn on Instagram\" target=\"_blank\" rel=\"noopener noreferrer\" href=\"https:\/\/instagram.com\/messerhayn\" >\n\t\t\t<span>\n\t\t\t\t\t\t\t\t<span class=\"sow-icon-fontawesome sow-fab\" data-sow-icon=\"&#xf16d;\"\n\t\t \n\t\taria-hidden=\"true\"><\/span>\t\t\t\t\t\t\t<\/span>\n\t\t<\/a>\n\t<\/div>\n<\/div><\/div><div id=\"panel-1029-4-0-1\" class=\"widget_text so-panel widget widget_custom_html panel-last-child\" data-index=\"13\" ><div class=\"textwidget custom-html-widget\"><div class=\"vc_col-sm-12 wpb_column vc_column_container\"><div class=\"vc_column-inner\"><div class=\"wpb_wrapper\"><\/div><\/div><\/div><div class=\"w-separator size_large\"><\/div><div class=\"wpb_text_column\"><div class=\"wpb_wrapper\"><\/div><\/div><\/div><\/div><\/div><\/div><\/div><div id=\"pg-1029-5\"  class=\"panel-grid panel-has-style\" ><div class=\"panel-row-style panel-row-style-for-1029-5\" ><div id=\"pgc-1029-5-0\"  class=\"panel-grid-cell\" ><div id=\"panel-1029-5-0-0\" class=\"so-panel widget widget_text panel-first-child panel-last-child\" data-index=\"14\" >\t\t\t<div class=\"textwidget\"><div class=\"w-contacts\"><div class=\"w-contacts-list\"><div class=\"w-contacts-item for_address\"><span class=\"w-contacts-item-value\">Landrat-Schultz-Str. 12 <br \/>49545 Tecklenburg<\/span><\/div><div class=\"w-contacts-item for_phone\"><span class=\"w-contacts-item-value\">0123456789<\/span><\/div><\/div><\/div>\n<\/div>\n\t\t<\/div><\/div><div id=\"pgc-1029-5-1\"  class=\"panel-grid-cell\" ><div id=\"panel-1029-5-1-0\" class=\"so-panel widget widget_text panel-first-child panel-last-child\" data-index=\"15\" >\t\t\t<div class=\"textwidget\"><div class=\"w-contacts\"><div class=\"w-contacts-list\"><div class=\"w-contacts-item for_phone\"><span class=\"w-contacts-item-value\">Telefon: 05406\/880041<br \/>Mobil: 0177\/4007055 <\/span><\/div><\/div><\/div>\n<\/div>\n\t\t<\/div><\/div><div id=\"pgc-1029-5-2\"  class=\"panel-grid-cell\" ><div id=\"panel-1029-5-2-0\" class=\"so-panel widget widget_text panel-first-child panel-last-child\" data-index=\"16\" >\t\t\t<div class=\"textwidget\"><div class=\"w-contacts\"><div class=\"w-contacts-list\"><div class=\"w-contacts-item for_phone\"><span class=\"w-contacts-item-value\">0123456789<\/span><\/div><div class=\"w-contacts-item for_email\"><span class=\"w-contacts-item-value\"><a href=\"mailto:info@messerhayn.de\">info@messerhayn.de<\/a><\/span><\/div><\/div><\/div>\n<\/div>\n\t\t<\/div><\/div><\/div><\/div><\/div><\/div><\/div>","protected":false},"excerpt":{"rendered":"<p>Ohne Termin, zu den gewohnten Zeiten ge\u00f6ffnet. Sch\u00e4rfen von Messern ohne lange Wartezeiten im Laden m\u00f6glich.\u00a0 Keine Scheren. Rufen Sie gerne an! 0177 &#8211; 4007055 &nbsp; &nbsp; Messer internationaler Hersteller diverse Einzelst\u00fccke, st\u00e4ndig Neuheiten \u00d6ffnungzeiten vom Messerstudio in Tecklenburg: Nur am Wochenende, von 13.30 bis 17.30 Uhr. Rosendamast 200 Lagen, Eibenholz,\u00a0 Bronzestifte, Klinge 10,5 cm&#8230;<\/p>\n","protected":false},"author":1,"featured_media":0,"parent":0,"menu_order":1,"comment_status":"closed","ping_status":"closed","template":"","meta":[],"_links":{"self":[{"href":"http:\/\/www.messerhayn.de\/index.php?rest_route=\/wp\/v2\/pages\/1029"}],"collection":[{"href":"http:\/\/www.messerhayn.de\/index.php?rest_route=\/wp\/v2\/pages"}],"about":[{"href":"http:\/\/www.messerhayn.de\/index.php?rest_route=\/wp\/v2\/types\/page"}],"author":[{"embeddable":true,"href":"http:\/\/www.messerhayn.de\/index.php?rest_route=\/wp\/v2\/users\/1"}],"replies":[{"embeddable":true,"href":"http:\/\/www.messerhayn.de\/index.php?rest_route=%2Fwp%2Fv2%2Fcomments&post=1029"}],"version-history":[{"count":161,"href":"http:\/\/www.messerhayn.de\/index.php?rest_route=\/wp\/v2\/pages\/1029\/revisions"}],"predecessor-version":[{"id":1322,"href":"http:\/\/www.messerhayn.de\/index.php?rest_route=\/wp\/v2\/pages\/1029\/revisions\/1322"}],"wp:attachment":[{"href":"http:\/\/www.messerhayn.de\/index.php?rest_route=%2Fwp%2Fv2%2Fmedia&parent=1029"}],"curies":[{"name":"wp","href":"https:\/\/api.w.org\/{rel}","templated":true}]}}